{"id":93,"date":"2014-08-30T00:49:28","date_gmt":"2014-08-29T23:49:28","guid":{"rendered":"http:\/\/palabressansfrontieres.fr\/?page_id=93"},"modified":"2019-10-22T20:02:55","modified_gmt":"2019-10-22T19:02:55","slug":"nos-formules-de-sejours","status":"publish","type":"page","link":"https:\/\/www.palabressansfrontieres.fr\/web\/nos-formules-de-sejours\/","title":{"rendered":"Nos formules de s\u00e9jours"},"content":{"rendered":"<p style=\"text-align: justify;\"><span style=\"text-decoration: underline;\"><strong>S\u00e9jour pour les groupes et les individuels<br \/>\n<\/strong><\/span><\/p>\n<p style=\"text-align: justify;\">Au programme: partage des activit\u00e9s quotidiennes des villageois (cuisine, travaux dans les champs), d\u00e9couverte de leur culture (c\u00e9r\u00e9monies traditionnelles, danse, percussions, ateliers batik, tressage, etc.), visite des projets men\u00e9s dans le village (poste de sant\u00e9, \u00e9cole \u00e9l\u00e9mentaire, jardin potager biologique, case \u00ab\u00a0ateliers\u00a0\u00bb des femmes, cuisine communautaire), excursions \u00e0 la journ\u00e9e (\u00eele de Gor\u00e9e, ville de Thi\u00e9s, randonn\u00e9e et baignade \u00e0 la plage de Mboro) mais aussi soir\u00e9es d\u00e9bats, combats de lutte, etc.<\/p>\n<p>Nous demandons aux voyageurs de bien vouloir nous communiquer avant leur d\u00e9part leur \u00e9ventuelle envie de mettre en place lors de leur s\u00e9jour au village une activit\u00e9 particuli\u00e8re ayant un lien avec leur profession ou passion (exemple: inclure dans le programme une matin\u00e9e de participation ou d&rsquo;observation du travail de l&rsquo;infirmi\u00e8re au poste de sant\u00e9 ou du professeur au sein de l&rsquo;\u00e9cole \u00e9l\u00e9mentaire, proposer un cours de danse, proposer de monter un spectacle musical, etc). Toute id\u00e9e est la bienvenue et est soumise \u00e0 l&rsquo;accord pr\u00e9alable du comit\u00e9 d&rsquo;accueil du village avant l&rsquo;arriv\u00e9e du groupe.<\/p>\n<p style=\"text-align: justify;\"><span style=\"text-decoration: underline;\">Dur\u00e9e du s\u00e9jour<\/span>: 10 jours (possibilit\u00e9 de modifier la dur\u00e9e &#8211; nous consulter)<\/p>\n<p style=\"text-align: justify;\"><span style=\"text-decoration: underline;\">Dates<\/span>: \u00e0 la carte (nous consulter)<\/p>\n<p style=\"text-align: justify;\"><code><\/code><\/p>\n<p style=\"text-align: justify;\"><span style=\"text-decoration: underline;\">Tarif<\/span>: <span style=\"font-size: 12pt;\">\u00e0 partir de 790 \u20ac<\/span> ( pour un s\u00e9jour de 10 jours comprenant les activit\u00e9s inscrites au programme)<\/p>\n<p style=\"text-align: justify;\">Possibilit\u00e9 d&rsquo;\u00e9tablir un programme \u00e0 la carte. Dans ce cas pr\u00e9cis, un devis vous sera envoy\u00e9 selon les activit\u00e9s que vous souhaitez inclure dans votre programme et la dur\u00e9e du s\u00e9jour.<\/p>\n<p style=\"text-align: justify;\"><span style=\"text-decoration: underline;\">Nombre de participants<\/span>: 3 \u00e0 15 personnes maximum<\/p>\n<p style=\"text-align: justify;\"><span style=\"text-decoration: underline;\"><strong>S\u00e9jours Jeunes 18-25ans<\/strong><\/span><\/p>\n<p style=\"text-align: justify;\">Il offre a des jeunes une occasion unique de communiquer et d&rsquo;\u00e9changer avec des jeunes d&rsquo;une autre culture, dans le respect de leurs diff\u00e9rences. Un programme d&rsquo;activit\u00e9s vari\u00e9es est propos\u00e9: visites, randonn\u00e9es, cours de wolof, participation aux t\u00e2ches quotidiennes, travaux dans les champs, animations en soir\u00e9e, baignades, etc.<\/p>\n<p style=\"text-align: justify;\">Nous offrons aux jeunes la possibilit\u00e9 de monter un petit projet qui s&rsquo;int\u00e8grera au programme s&rsquo;il le souhaitent (exemples: animations de jeux avec les enfants du village, fabrication d&rsquo;une \u00e9olienne \u00e0 base de r\u00e9cup\u00e9ration sur place, cr\u00e9ation d&rsquo;une chorale, etc). Toutes les id\u00e9es sont valid\u00e9es par le comit\u00e9 d&rsquo;accueil du village avant l&rsquo;arriv\u00e9e du groupe.<\/p>\n<p style=\"text-align: justify;\"><span style=\"text-decoration: underline;\">Dur\u00e9e du s\u00e9jour<\/span>: 10 jours<\/p>\n<p style=\"text-align: justify;\"><span style=\"text-decoration: underline;\">Dates<\/span>: selon le calendrier des vacances scolaires (nous consulter)<\/p>\n<p style=\"text-align: justify;\"><span style=\"text-decoration: underline;\">Tarif<\/span>: 790 Euros<\/p>\n<p style=\"text-align: justify;\"><span style=\"text-decoration: underline;\">Nombre de participants<\/span>: 2 \u00e0 15 personnes maximum<\/p>\n<p style=\"text-align: justify;\"><strong><span style=\"text-decoration: underline;\">\u00a0<\/span><\/strong><\/p>\n","protected":false},"excerpt":{"rendered":"<p>S\u00e9jour pour les groupes et les individuels Au programme: partage des activit\u00e9s quotidiennes des villageois (cuisine, travaux dans les champs), d\u00e9couverte de leur culture (c\u00e9r\u00e9monies traditionnelles, danse, percussions, ateliers batik, tressage, etc.), visite des projets men\u00e9s dans le village (poste&hellip; <\/p>\n","protected":false},"author":1,"featured_media":0,"parent":0,"menu_order":0,"comment_status":"closed","ping_status":"open","template":"","meta":{"footnotes":""},"class_list":["post-93","page","type-page","status-publish","hentry"],"_links":{"self":[{"href":"https:\/\/www.palabressansfrontieres.fr\/web\/wp-json\/wp\/v2\/pages\/93","targetHints":{"allow":["GET"]}}],"collection":[{"href":"https:\/\/www.palabressansfrontieres.fr\/web\/wp-json\/wp\/v2\/pages"}],"about":[{"href":"https:\/\/www.palabressansfrontieres.fr\/web\/wp-json\/wp\/v2\/types\/page"}],"author":[{"embeddable":true,"href":"https:\/\/www.palabressansfrontieres.fr\/web\/wp-json\/wp\/v2\/users\/1"}],"replies":[{"embeddable":true,"href":"https:\/\/www.palabressansfrontieres.fr\/web\/wp-json\/wp\/v2\/comments?post=93"}],"version-history":[{"count":9,"href":"https:\/\/www.palabressansfrontieres.fr\/web\/wp-json\/wp\/v2\/pages\/93\/revisions"}],"predecessor-version":[{"id":680,"href":"https:\/\/www.palabressansfrontieres.fr\/web\/wp-json\/wp\/v2\/pages\/93\/revisions\/680"}],"wp:attachment":[{"href":"https:\/\/www.palabressansfrontieres.fr\/web\/wp-json\/wp\/v2\/media?parent=93"}],"curies":[{"name":"wp","href":"https:\/\/api.w.org\/{rel}","templated":true}]}}