{"id":370,"date":"2014-10-27T13:41:08","date_gmt":"2014-10-27T12:41:08","guid":{"rendered":"http:\/\/palabressansfrontieres.fr\/?page_id=370"},"modified":"2019-11-29T15:51:17","modified_gmt":"2019-11-29T14:51:17","slug":"videos-les-sejours","status":"publish","type":"page","link":"https:\/\/www.palabressansfrontieres.fr\/web\/videos-les-sejours\/","title":{"rendered":"Vid\u00e9os &#8211; Les S\u00e9jours"},"content":{"rendered":"<h1>Randonn\u00e9e dans la campagne des Niayes<\/h1>\n<p><iframe loading=\"lazy\" src=\"https:\/\/www.youtube.com\/embed\/HI7D5eTs-wI\" width=\"560\" height=\"315\" frameborder=\"0\" allowfullscreen=\"allowfullscreen\"><\/iframe><\/p>\n<h1>La r\u00e9serve animali\u00e8re de Bandia<\/h1>\n<p><iframe loading=\"lazy\" src=\"https:\/\/www.youtube.com\/embed\/anqN4v_PPB8\" width=\"560\" height=\"315\" frameborder=\"0\" allowfullscreen=\"allowfullscreen\"><\/iframe><\/p>\n<h1>Randonn\u00e9e au desert de Lompoul<\/h1>\n<p><iframe loading=\"lazy\" src=\"https:\/\/www.youtube.com\/embed\/DFDqf7C1J5Q\" width=\"560\" height=\"315\" frameborder=\"0\" allowfullscreen=\"allowfullscreen\"><\/iframe><\/p>\n<h1 id=\"watch-headline-title\" class=\"yt\"><span id=\"eow-title\" class=\"watch-title \" dir=\"ltr\" title=\"C\u00e9r\u00e9monie d'accueil.mpg\">C\u00e9r\u00e9monie d&rsquo;accueil<\/span><\/h1>\n<p><iframe loading=\"lazy\" src=\"https:\/\/www.youtube.com\/embed\/TjDPiWbdTK8\" width=\"560\" height=\"315\" frameborder=\"0\" allowfullscreen=\"allowfullscreen\"><\/iframe><\/p>\n<h1 id=\"watch-headline-title\" class=\"yt\"><span id=\"eow-title\" class=\"watch-title \" dir=\"ltr\" title=\"Excursion \u00e0 Gor\u00e9e\">Excursion \u00e0 Gor\u00e9e <\/span><\/h1>\n<p><iframe loading=\"lazy\" src=\"https:\/\/www.youtube.com\/embed\/uEV9-15bO8k\" width=\"560\" height=\"315\" frameborder=\"0\" allowfullscreen=\"allowfullscreen\"><\/iframe><\/p>\n<h1 id=\"watch-headline-title\" class=\"yt\"><span id=\"eow-title\" class=\"watch-title long-title \" dir=\"ltr\" title=\"Activit\u00e9s lors du s\u00e9jour &quot;jeunes&quot; \u00e0 Keur Samba Yacine\">Activit\u00e9s lors du s\u00e9jour \u00ab\u00a0jeunes\u00a0\u00bb \u00e0 Keur Samba Yacine <\/span><\/h1>\n<p><iframe loading=\"lazy\" src=\"https:\/\/www.youtube.com\/embed\/voqExVt97L8\" width=\"560\" height=\"315\" frameborder=\"0\" allowfullscreen=\"allowfullscreen\"><\/iframe><\/p>\n<h1 id=\"watch-headline-title\" class=\"yt\"><span id=\"eow-title\" class=\"watch-title \" dir=\"ltr\" title=\"S\u00e9jour famille pr\u00e9paration au voyage\">S\u00e9jour famille pr\u00e9paration au voyage <\/span><\/h1>\n<p><iframe loading=\"lazy\" src=\"https:\/\/www.youtube.com\/embed\/U85fp5nNP28\" width=\"560\" height=\"315\" frameborder=\"0\" allowfullscreen=\"allowfullscreen\"><\/iframe><\/p>\n<h1 id=\"watch-headline-title\" class=\"yt\"><span id=\"eow-title\" class=\"watch-title \" dir=\"ltr\" title=\"S\u00e9jour famille C\u00e9r\u00e9monie d'accueil\">S\u00e9jour famille C\u00e9r\u00e9monie d&rsquo;accueil <\/span><\/h1>\n<p><iframe loading=\"lazy\" src=\"https:\/\/www.youtube.com\/embed\/SdNEm5sC4eU\" width=\"560\" height=\"315\" frameborder=\"0\" allowfullscreen=\"allowfullscreen\"><\/iframe><\/p>\n<h1 id=\"watch-headline-title\" class=\"yt\"><span id=\"eow-title\" class=\"watch-title long-title \" dir=\"ltr\" title=\"S\u00e9jour famille h\u00e9bergement et vie quotidienne \u00e0 Keur Samba Yacine.mpg\">S\u00e9jour famille h\u00e9bergement et vie quotidienne \u00e0 Keur Samba Yacine<\/span><\/h1>\n<p><iframe loading=\"lazy\" src=\"https:\/\/www.youtube.com\/embed\/gR3eUfYSWyA\" width=\"560\" height=\"315\" frameborder=\"0\" allowfullscreen=\"allowfullscreen\"><\/iframe><\/p>\n<h1 id=\"watch-headline-title\" class=\"yt\"><span id=\"eow-title\" class=\"watch-title \" dir=\"ltr\" title=\"S\u00e9jour famille - dans la famille d'accueil.mpg\">S\u00e9jour famille &#8211; dans la famille d&rsquo;accuei<\/span>l<\/h1>\n<p><iframe loading=\"lazy\" src=\"https:\/\/www.youtube.com\/embed\/ddRQvI51Qwc\" width=\"560\" height=\"315\" frameborder=\"0\" allowfullscreen=\"allowfullscreen\"><\/iframe><\/p>\n<h1 id=\"watch-headline-title\" class=\"yt\"><span id=\"eow-title\" class=\"watch-title \" dir=\"ltr\" title=\"S\u00e9jour Famille la vie quotidienne part I\">S\u00e9jour Famille la vie quotidienne part I <\/span><\/h1>\n<p><iframe loading=\"lazy\" src=\"https:\/\/www.youtube.com\/embed\/0jlrkmHRKO8\" width=\"560\" height=\"315\" frameborder=\"0\" allowfullscreen=\"allowfullscreen\"><\/iframe><\/p>\n<h1 id=\"watch-headline-title\" class=\"yt\"><span id=\"eow-title\" class=\"watch-title \" dir=\"ltr\" title=\"S\u00e9jour famille la vie quotidienne part II\">S\u00e9jour famille la vie quotidienne part II <\/span><\/h1>\n<p><iframe loading=\"lazy\" src=\"https:\/\/www.youtube.com\/embed\/ThMj0WCltYg\" width=\"560\" height=\"315\" frameborder=\"0\" allowfullscreen=\"allowfullscreen\"><\/iframe><\/p>\n<h1 id=\"watch-headline-title\" class=\"yt\"><span id=\"eow-title\" class=\"watch-title \" dir=\"ltr\" title=\"S\u00e9jour famille la vie quotidienne part III\">S\u00e9jour famille la vie quotidienne part III <\/span><\/h1>\n<p><iframe loading=\"lazy\" src=\"https:\/\/www.youtube.com\/embed\/LYQ_LFsKAjY\" width=\"560\" height=\"315\" frameborder=\"0\" allowfullscreen=\"allowfullscreen\"><\/iframe><\/p>\n<h1 id=\"watch-headline-title\" class=\"yt\"><span id=\"eow-title\" class=\"watch-title long-title \" dir=\"ltr\" title=\"S\u00e9jour famille les activit\u00e9s lors du s\u00e9jour fin du film\">S\u00e9jour famille les activit\u00e9s lors du s\u00e9jour fin du film <\/span><\/h1>\n<p><iframe loading=\"lazy\" src=\"https:\/\/www.youtube.com\/embed\/DM_aUkVLp24\" width=\"560\" height=\"315\" frameborder=\"0\" allowfullscreen=\"allowfullscreen\"><\/iframe><\/p>\n<p>&nbsp;<\/p>\n","protected":false},"excerpt":{"rendered":"<p>Randonn\u00e9e dans la campagne des Niayes La r\u00e9serve animali\u00e8re de Bandia Randonn\u00e9e au desert de Lompoul C\u00e9r\u00e9monie d&rsquo;accueil Excursion \u00e0 Gor\u00e9e Activit\u00e9s lors du s\u00e9jour \u00ab\u00a0jeunes\u00a0\u00bb \u00e0 Keur Samba Yacine S\u00e9jour famille pr\u00e9paration au voyage S\u00e9jour famille C\u00e9r\u00e9monie d&rsquo;accueil S\u00e9jour&hellip; <\/p>\n","protected":false},"author":1,"featured_media":0,"parent":0,"menu_order":0,"comment_status":"closed","ping_status":"open","template":"","meta":{"footnotes":""},"class_list":["post-370","page","type-page","status-publish","hentry"],"_links":{"self":[{"href":"https:\/\/www.palabressansfrontieres.fr\/web\/wp-json\/wp\/v2\/pages\/370","targetHints":{"allow":["GET"]}}],"collection":[{"href":"https:\/\/www.palabressansfrontieres.fr\/web\/wp-json\/wp\/v2\/pages"}],"about":[{"href":"https:\/\/www.palabressansfrontieres.fr\/web\/wp-json\/wp\/v2\/types\/page"}],"author":[{"embeddable":true,"href":"https:\/\/www.palabressansfrontieres.fr\/web\/wp-json\/wp\/v2\/users\/1"}],"replies":[{"embeddable":true,"href":"https:\/\/www.palabressansfrontieres.fr\/web\/wp-json\/wp\/v2\/comments?post=370"}],"version-history":[{"count":5,"href":"https:\/\/www.palabressansfrontieres.fr\/web\/wp-json\/wp\/v2\/pages\/370\/revisions"}],"predecessor-version":[{"id":721,"href":"https:\/\/www.palabressansfrontieres.fr\/web\/wp-json\/wp\/v2\/pages\/370\/revisions\/721"}],"wp:attachment":[{"href":"https:\/\/www.palabressansfrontieres.fr\/web\/wp-json\/wp\/v2\/media?parent=370"}],"curies":[{"name":"wp","href":"https:\/\/api.w.org\/{rel}","templated":true}]}}